{"id":1036,"date":"2018-04-11T14:29:31","date_gmt":"2018-04-11T11:29:31","guid":{"rendered":"https:\/\/www.pvchall.eu\/?page_id=1036\/"},"modified":"2020-06-14T14:08:25","modified_gmt":"2020-06-14T11:08:25","slug":"arched-halls","status":"publish","type":"page","link":"https:\/\/www.pvchall.eu\/en\/arched-halls\/","title":{"rendered":"Arched halls"},"content":{"rendered":"<div class=\"wpb-content-wrapper\">[vc_row el_class=&#8221;pealkir&#8221;][vc_column][vc_custom_heading text=&#8221;Arched halls&#8221; font_container=&#8221;tag:h1|font_size:33px|text_align:center|color:%23ffffff|line_height:35px&#8221; use_theme_fonts=&#8221;yes&#8221;][\/vc_column][\/vc_row][vc_row][vc_column][vc_widget_sidebar sidebar_id=&#8221;sidebar-kuppel-menu&#8221; el_class=&#8221;menuuu&#8221;][\/vc_column][\/vc_row][vc_row][vc_column width=&#8221;1\/3&#8243;][vc_column_text]<img decoding=\"async\" class=\"size-medium wp-image-1078 aligncenter lazyload\" data-src=\"https:\/\/www.pvchall.eu\/wp-content\/uploads\/2018\/04\/h9-cut-red-228x128.jpg\" alt=\"\" width=\"228\" height=\"128\" data-srcset=\"https:\/\/www.pvchall.eu\/wp-content\/uploads\/2018\/04\/h9-cut-red-228x128.jpg 228w, https:\/\/www.pvchall.eu\/wp-content\/uploads\/2018\/04\/h9-cut-red-600x338.jpg 600w, https:\/\/www.pvchall.eu\/wp-content\/uploads\/2018\/04\/h9-cut-red-768x432.jpg 768w, https:\/\/www.pvchall.eu\/wp-content\/uploads\/2018\/04\/h9-cut-red-1024x576.jpg 1024w\" data-sizes=\"(max-width: 228px) 100vw, 228px\" src=\"data:image\/svg+xml;base64,PHN2ZyB3aWR0aD0iMSIgaGVpZ2h0PSIxIiB4bWxucz0iaHR0cDovL3d3dy53My5vcmcvMjAwMC9zdmciPjwvc3ZnPg==\" style=\"--smush-placeholder-width: 228px; --smush-placeholder-aspect-ratio: 228\/128;\" \/><\/p>\n<p><strong>MODEL: KH 9<\/strong><\/p>\n<p>A light and mobile PVC-covered hall with a round pipe frame. Easy to install and remove.<\/p>\n<p>The current snow and wind loads in accordance with the EC3 parametres have been considered.<\/p>\n<p><strong>DIMENSIONS:<\/strong><\/p>\n<p>Width:<strong> 9 m<\/strong><\/p>\n<p>Height:<strong> 4.8 m<\/strong><\/p>\n<p>Length: starting from 6 m, in three-metre increments. The hall can later be extended with modules.[\/vc_column_text][\/vc_column][vc_column width=&#8221;1\/3&#8243;][\/vc_column][vc_column width=&#8221;1\/3&#8243;][\/vc_column][\/vc_row][vc_row el_class=&#8221;cfform&#8221;][vc_column][vc_custom_heading text=&#8221;Get in contact!&#8221; font_container=&#8221;tag:h3|font_size:30px|text_align:left|color:%23ffffff|line_height:35px&#8221; use_theme_fonts=&#8221;yes&#8221; css=&#8221;.vc_custom_1592132890405{margin-bottom: 30px !important;}&#8221;]<div class=\"cf_scope_1\">\n<div class=\"wpcf7 no-js\" id=\"wpcf7-f1757-o1\" lang=\"et\" dir=\"ltr\" data-wpcf7-id=\"1757\">\n<div class=\"screen-reader-response\"><p role=\"status\" aria-live=\"polite\" aria-atomic=\"true\"><\/p> <ul><\/ul><\/div>\n<form action=\"\/en\/wp-json\/wp\/v2\/pages\/1036#wpcf7-f1757-o1\" method=\"post\" class=\"wpcf7-form init\" aria-label=\"Contact form\" novalidate=\"novalidate\" data-status=\"init\">\n<fieldset class=\"hidden-fields-container\"><input type=\"hidden\" name=\"_wpcf7\" value=\"1757\" \/><input type=\"hidden\" name=\"_wpcf7_version\" value=\"6.1\" \/><input type=\"hidden\" name=\"_wpcf7_locale\" value=\"et\" \/><input type=\"hidden\" name=\"_wpcf7_unit_tag\" value=\"wpcf7-f1757-o1\" \/><input type=\"hidden\" name=\"_wpcf7_container_post\" value=\"0\" \/><input type=\"hidden\" name=\"_wpcf7_posted_data_hash\" value=\"\" \/><input type=\"hidden\" name=\"_wpcf7_recaptcha_response\" value=\"\" \/>\n<\/fieldset>\n<div class=\"flexter\">\n<span class=\"wpcf7-form-control-wrap\" data-name=\"text-370\"><input size=\"40\" maxlength=\"400\" class=\"wpcf7-form-control wpcf7-text wpcf7-validates-as-required slider-kast\" aria-required=\"true\" aria-invalid=\"false\" placeholder=\"Your name\" value=\"\" type=\"text\" name=\"text-370\" \/><\/span>\n<span class=\"wpcf7-form-control-wrap\" data-name=\"text-371\"><input size=\"40\" maxlength=\"400\" class=\"wpcf7-form-control wpcf7-email wpcf7-validates-as-required wpcf7-text wpcf7-validates-as-email slider-kast\" aria-required=\"true\" aria-invalid=\"false\" placeholder=\"Your e-mail\" value=\"\" type=\"email\" name=\"text-371\" \/><\/span>\n<span class=\"wpcf7-form-control-wrap\" data-name=\"text-372\"><input size=\"40\" maxlength=\"400\" class=\"wpcf7-form-control wpcf7-text wpcf7-validates-as-required slider-kast\" aria-required=\"true\" aria-invalid=\"false\" placeholder=\"Phone\" value=\"\" type=\"text\" name=\"text-372\" \/><\/span>\n<\/div>\n<span class=\"wpcf7-form-control-wrap\" data-name=\"textarea-144\"><textarea cols=\"40\" rows=\"10\" maxlength=\"2000\" class=\"wpcf7-form-control wpcf7-textarea wpcf7-validates-as-required suurem-kast1\" aria-required=\"true\" aria-invalid=\"false\" placeholder=\"Question\" name=\"textarea-144\"><\/textarea><\/span>\n<input class=\"wpcf7-form-control wpcf7-submit has-spinner saada-kast\" type=\"submit\" value=\"Send a letter\" \/><div class=\"wpcf7-response-output\" aria-hidden=\"true\"><\/div>\n<\/form>\n<\/div>\n<\/div>[\/vc_column][\/vc_row]\n<\/div>","protected":false},"excerpt":{"rendered":"<p>[vc_row el_class=&#8221;pealkir&#8221;][vc_column][vc_custom_heading text=&#8221;Arched halls&#8221; font_container=&#8221;tag:h1|font_size:33px|text_align:center|color:%23ffffff|line_height:35px&#8221; use_theme_fonts=&#8221;yes&#8221;][\/vc_column][\/vc_row][vc_row][vc_column][vc_widget_sidebar sidebar_id=&#8221;sidebar-kuppel-menu&#8221; el_class=&#8221;menuuu&#8221;][\/vc_column][\/vc_row][vc_row][vc_column width=&#8221;1\/3&#8243;][vc_column_text] MODEL: KH 9 A light and mobile PVC-covered hall with a round pipe frame. Easy to install and remove. The current snow and wind loads in accordance with the EC3 parametres have been considered. DIMENSIONS: Width: 9 m Height: 4.8 m Length: starting from 6 m,&#8230;<\/p>\n","protected":false},"author":1,"featured_media":0,"parent":0,"menu_order":0,"comment_status":"closed","ping_status":"closed","template":"page-full.php","meta":{"_acf_changed":false,"footnotes":""},"class_list":["post-1036","page","type-page","status-publish","hentry"],"acf":[],"yoast_head":"<!-- This site is optimized with the Yoast SEO plugin v25.6 - https:\/\/yoast.com\/wordpress\/plugins\/seo\/ -->\n<title>Arched halls | PVC Hallid | PVC hallide hinnad | PVC hallide m\u00fc\u00fck<\/title>\n<meta name=\"description\" content=\"PVC hallide m\u00fc\u00fck ja PVC hallide hinnad - meie lehelt saad k\u00f5ik vajaliku t\u00e4pselt teada. Vaata edasi siit\" \/>\n<meta name=\"robots\" content=\"index, follow, max-snippet:-1, max-image-preview:large, max-video-preview:-1\" \/>\n<link rel=\"canonical\" href=\"https:\/\/www.pvchall.eu\/en\/arched-halls\/\" \/>\n<meta property=\"og:locale\" content=\"en_US\" \/>\n<meta property=\"og:type\" content=\"article\" \/>\n<meta property=\"og:title\" content=\"Arched halls | PVC Hallid | PVC hallide hinnad | PVC hallide m\u00fc\u00fck\" \/>\n<meta property=\"og:description\" content=\"PVC hallide m\u00fc\u00fck ja PVC hallide hinnad - meie lehelt saad k\u00f5ik vajaliku t\u00e4pselt teada. Vaata edasi siit\" \/>\n<meta property=\"og:url\" content=\"https:\/\/www.pvchall.eu\/en\/arched-halls\/\" \/>\n<meta property=\"og:site_name\" content=\"PVC Hallid | PVC hallide hinnad | PVC hallide m\u00fc\u00fck\" \/>\n<meta property=\"article:modified_time\" content=\"2020-06-14T11:08:25+00:00\" \/>\n<meta property=\"og:image\" content=\"https:\/\/www.pvchall.eu\/wp-content\/uploads\/2018\/04\/h9-cut-red-scaled.jpg\" \/>\n\t<meta property=\"og:image:width\" content=\"2560\" \/>\n\t<meta property=\"og:image:height\" content=\"1440\" \/>\n\t<meta property=\"og:image:type\" content=\"image\/jpeg\" \/>\n<meta name=\"twitter:card\" content=\"summary_large_image\" \/>\n<meta name=\"twitter:label1\" content=\"Est. reading time\" \/>\n\t<meta name=\"twitter:data1\" content=\"1 minute\" \/>\n<script type=\"application\/ld+json\" class=\"yoast-schema-graph\">{\"@context\":\"https:\/\/schema.org\",\"@graph\":[{\"@type\":\"WebPage\",\"@id\":\"https:\/\/www.pvchall.eu\/en\/arched-halls\/\",\"url\":\"https:\/\/www.pvchall.eu\/en\/arched-halls\/\",\"name\":\"Arched halls | PVC Hallid | PVC hallide hinnad | PVC hallide m\u00fc\u00fck\",\"isPartOf\":{\"@id\":\"https:\/\/www.pvchall.eu\/#website\"},\"primaryImageOfPage\":{\"@id\":\"https:\/\/www.pvchall.eu\/en\/arched-halls\/#primaryimage\"},\"image\":{\"@id\":\"https:\/\/www.pvchall.eu\/en\/arched-halls\/#primaryimage\"},\"thumbnailUrl\":\"https:\/\/www.pvchall.eu\/wp-content\/uploads\/2018\/04\/h9-cut-red-228x128.jpg\",\"datePublished\":\"2018-04-11T11:29:31+00:00\",\"dateModified\":\"2020-06-14T11:08:25+00:00\",\"description\":\"PVC hallide m\u00fc\u00fck ja PVC hallide hinnad - meie lehelt saad k\u00f5ik vajaliku t\u00e4pselt teada. Vaata edasi siit\",\"breadcrumb\":{\"@id\":\"https:\/\/www.pvchall.eu\/en\/arched-halls\/#breadcrumb\"},\"inLanguage\":\"en-US\",\"potentialAction\":[{\"@type\":\"ReadAction\",\"target\":[\"https:\/\/www.pvchall.eu\/en\/arched-halls\/\"]}]},{\"@type\":\"ImageObject\",\"inLanguage\":\"en-US\",\"@id\":\"https:\/\/www.pvchall.eu\/en\/arched-halls\/#primaryimage\",\"url\":\"https:\/\/www.pvchall.eu\/wp-content\/uploads\/2018\/04\/h9-cut-red-228x128.jpg\",\"contentUrl\":\"https:\/\/www.pvchall.eu\/wp-content\/uploads\/2018\/04\/h9-cut-red-228x128.jpg\"},{\"@type\":\"BreadcrumbList\",\"@id\":\"https:\/\/www.pvchall.eu\/en\/arched-halls\/#breadcrumb\",\"itemListElement\":[{\"@type\":\"ListItem\",\"position\":1,\"name\":\"Home\",\"item\":\"https:\/\/www.pvchall.eu\/en\/\"},{\"@type\":\"ListItem\",\"position\":2,\"name\":\"Arched halls\"}]},{\"@type\":\"WebSite\",\"@id\":\"https:\/\/www.pvchall.eu\/#website\",\"url\":\"https:\/\/www.pvchall.eu\/\",\"name\":\"PVC Hallid | PVC hallide hinnad | PVC hallide m\u00fc\u00fck\",\"description\":\"PVC Hallid otse tootjalt | PVC hallide hinnad | PVC hallide m\u00fc\u00fck\",\"potentialAction\":[{\"@type\":\"SearchAction\",\"target\":{\"@type\":\"EntryPoint\",\"urlTemplate\":\"https:\/\/www.pvchall.eu\/?s={search_term_string}\"},\"query-input\":{\"@type\":\"PropertyValueSpecification\",\"valueRequired\":true,\"valueName\":\"search_term_string\"}}],\"inLanguage\":\"en-US\"}]}<\/script>\n<!-- \/ Yoast SEO plugin. -->","yoast_head_json":{"title":"Arched halls | PVC Hallid | PVC hallide hinnad | PVC hallide m\u00fc\u00fck","description":"PVC hallide m\u00fc\u00fck ja PVC hallide hinnad - meie lehelt saad k\u00f5ik vajaliku t\u00e4pselt teada. Vaata edasi siit","robots":{"index":"index","follow":"follow","max-snippet":"max-snippet:-1","max-image-preview":"max-image-preview:large","max-video-preview":"max-video-preview:-1"},"canonical":"https:\/\/www.pvchall.eu\/en\/arched-halls\/","og_locale":"en_US","og_type":"article","og_title":"Arched halls | PVC Hallid | PVC hallide hinnad | PVC hallide m\u00fc\u00fck","og_description":"PVC hallide m\u00fc\u00fck ja PVC hallide hinnad - meie lehelt saad k\u00f5ik vajaliku t\u00e4pselt teada. Vaata edasi siit","og_url":"https:\/\/www.pvchall.eu\/en\/arched-halls\/","og_site_name":"PVC Hallid | PVC hallide hinnad | PVC hallide m\u00fc\u00fck","article_modified_time":"2020-06-14T11:08:25+00:00","og_image":[{"width":2560,"height":1440,"url":"https:\/\/www.pvchall.eu\/wp-content\/uploads\/2018\/04\/h9-cut-red-scaled.jpg","type":"image\/jpeg"}],"twitter_card":"summary_large_image","twitter_misc":{"Est. reading time":"1 minute"},"schema":{"@context":"https:\/\/schema.org","@graph":[{"@type":"WebPage","@id":"https:\/\/www.pvchall.eu\/en\/arched-halls\/","url":"https:\/\/www.pvchall.eu\/en\/arched-halls\/","name":"Arched halls | PVC Hallid | PVC hallide hinnad | PVC hallide m\u00fc\u00fck","isPartOf":{"@id":"https:\/\/www.pvchall.eu\/#website"},"primaryImageOfPage":{"@id":"https:\/\/www.pvchall.eu\/en\/arched-halls\/#primaryimage"},"image":{"@id":"https:\/\/www.pvchall.eu\/en\/arched-halls\/#primaryimage"},"thumbnailUrl":"https:\/\/www.pvchall.eu\/wp-content\/uploads\/2018\/04\/h9-cut-red-228x128.jpg","datePublished":"2018-04-11T11:29:31+00:00","dateModified":"2020-06-14T11:08:25+00:00","description":"PVC hallide m\u00fc\u00fck ja PVC hallide hinnad - meie lehelt saad k\u00f5ik vajaliku t\u00e4pselt teada. Vaata edasi siit","breadcrumb":{"@id":"https:\/\/www.pvchall.eu\/en\/arched-halls\/#breadcrumb"},"inLanguage":"en-US","potentialAction":[{"@type":"ReadAction","target":["https:\/\/www.pvchall.eu\/en\/arched-halls\/"]}]},{"@type":"ImageObject","inLanguage":"en-US","@id":"https:\/\/www.pvchall.eu\/en\/arched-halls\/#primaryimage","url":"https:\/\/www.pvchall.eu\/wp-content\/uploads\/2018\/04\/h9-cut-red-228x128.jpg","contentUrl":"https:\/\/www.pvchall.eu\/wp-content\/uploads\/2018\/04\/h9-cut-red-228x128.jpg"},{"@type":"BreadcrumbList","@id":"https:\/\/www.pvchall.eu\/en\/arched-halls\/#breadcrumb","itemListElement":[{"@type":"ListItem","position":1,"name":"Home","item":"https:\/\/www.pvchall.eu\/en\/"},{"@type":"ListItem","position":2,"name":"Arched halls"}]},{"@type":"WebSite","@id":"https:\/\/www.pvchall.eu\/#website","url":"https:\/\/www.pvchall.eu\/","name":"PVC Hallid | PVC hallide hinnad | PVC hallide m\u00fc\u00fck","description":"PVC Hallid otse tootjalt | PVC hallide hinnad | PVC hallide m\u00fc\u00fck","potentialAction":[{"@type":"SearchAction","target":{"@type":"EntryPoint","urlTemplate":"https:\/\/www.pvchall.eu\/?s={search_term_string}"},"query-input":{"@type":"PropertyValueSpecification","valueRequired":true,"valueName":"search_term_string"}}],"inLanguage":"en-US"}]}},"_links":{"self":[{"href":"https:\/\/www.pvchall.eu\/en\/wp-json\/wp\/v2\/pages\/1036","targetHints":{"allow":["GET"]}}],"collection":[{"href":"https:\/\/www.pvchall.eu\/en\/wp-json\/wp\/v2\/pages"}],"about":[{"href":"https:\/\/www.pvchall.eu\/en\/wp-json\/wp\/v2\/types\/page"}],"author":[{"embeddable":true,"href":"https:\/\/www.pvchall.eu\/en\/wp-json\/wp\/v2\/users\/1"}],"replies":[{"embeddable":true,"href":"https:\/\/www.pvchall.eu\/en\/wp-json\/wp\/v2\/comments?post=1036"}],"version-history":[{"count":6,"href":"https:\/\/www.pvchall.eu\/en\/wp-json\/wp\/v2\/pages\/1036\/revisions"}],"predecessor-version":[{"id":1770,"href":"https:\/\/www.pvchall.eu\/en\/wp-json\/wp\/v2\/pages\/1036\/revisions\/1770"}],"wp:attachment":[{"href":"https:\/\/www.pvchall.eu\/en\/wp-json\/wp\/v2\/media?parent=1036"}],"curies":[{"name":"wp","href":"https:\/\/api.w.org\/{rel}","templated":true}]}}