{"id":499,"date":"2017-04-25T17:16:22","date_gmt":"2017-04-25T14:16:22","guid":{"rendered":"https:\/\/www.pvchall.eu\/?page_id=499\/"},"modified":"2026-03-22T18:51:20","modified_gmt":"2026-03-22T16:51:20","slug":"yhteystiedot","status":"publish","type":"page","link":"https:\/\/www.pvchall.eu\/fi\/yhteystiedot\/","title":{"rendered":"Yhteystiedot"},"content":{"rendered":"<div class=\"wpb-content-wrapper\">[vc_row el_class=&#8221;pealkir&#8221;][vc_column][vc_custom_heading text=&#8221;Yhteystiedot&#8221; font_container=&#8221;tag:h1|font_size:33px|text_align:center|color:%23ffffff|line_height:35px&#8221; use_theme_fonts=&#8221;yes&#8221;][\/vc_column][\/vc_row][vc_row el_class=&#8221;company-data&#8221; css=&#8221;.vc_custom_1620040579194{margin-bottom: 75px !important;}&#8221;][vc_column width=&#8221;1\/4&#8243;][vc_column_text]Viro: Harjumaa, Viimsi vald, Rohuneeme tee 1<\/p>\n<p>Suomi: Vantaa, Lummetie 1F 110<\/p>\n<p>S\u00e4hk\u00f6posti:: <a href=\"info@pvchall.eu\">info@pvchall.eu<\/a><\/p>\n<p>Vastaamme tiedusteluihin 1 arkip\u00e4iv\u00e4n kuluessa[\/vc_column_text][\/vc_column][vc_column width=&#8221;3\/4&#8243;][vc_row_inner el_class=&#8221;company-members&#8221; css=&#8221;.vc_custom_1620037461662{padding-right: 0px !important;padding-left: 0px !important;}&#8221;][vc_column_inner el_class=&#8221;company-member&#8221; width=&#8221;1\/3&#8243;][vc_single_image image=&#8221;2286&#8243; img_size=&#8221;full&#8221; el_class=&#8221;company-member-image&#8221;][vc_column_text el_class=&#8221;company-member-text&#8221;][\/vc_column_text][\/vc_column_inner][\/vc_row_inner][\/vc_column][\/vc_row][vc_row el_class=&#8221;main-activity&#8221;][vc_column width=&#8221;1\/2&#8243;][vc_column_text]PVC Hall\u00a0 perustoiminta-alana on PVC-hallien tuottaminen, myynti ja asennus.<\/p>\n<p>Tuotevalikoimastamme l\u00f6ytyy PVC-pintaisia halleja leveydelt\u00e4\u00e4n 10 \u2013 65 metri\u00e4. Kaikkien suunnittelemiemme hallien enimm\u00e4ispituutena on 100 metri\u00e4. Kaikki PVC-katetut hallit suunnittelemme huomioiden lumi- ja tuulikuormat hallin pystytyspaikan mukaisesti.<\/p>\n<p>Tuuli- ja lumikuormat on laskettu EC3-mitoituksen mukaisesti: 1.8 kN\/m2 lumikuormaa, 32 m\/s tuulikuormaa, varmuuskerroin 1,5. Hallien pintoina k\u00e4ytt\u00e4m\u00e4mme PVC- pinta on palamaton ja s\u00e4\u00e4nkest\u00e4v\u00e4. Lis\u00e4ksi t\u00e4ysin UV-s\u00e4teily\u00e4 kest\u00e4v\u00e4, homehtumaton ja m\u00e4t\u00e4nem\u00e4t\u00f6n.<\/p>\n<p>Ter\u00e4srakenne on kuumasinkitty ja tuotettu standardien\u00a0<strong>ISO 1090-2<\/strong>\u00a0ja\u00a0<strong>EN ISO 3834-3<\/strong>\u00a0mukaisesti ja tarvittaessa my\u00f6s maalattu.<\/p>\n<p>Tuottamamme ja suunnittelemamme PVC-hallit sopivat:<\/p>\n<ul>\n<li>Varastorakennuksiksi<\/li>\n<li>Tuotantorakennuksiksi<\/li>\n<li>Urheiluhalleiksi<\/li>\n<li>Satamarakennuksiksi<\/li>\n<li>Lentokonehalleiksi<\/li>\n<li>Puutavara- ja puuteollisuusrakennuksiksi<\/li>\n<\/ul>\n[\/vc_column_text][\/vc_column][vc_column width=&#8221;1\/2&#8243;][vc_single_image image=&#8221;2005&#8243; img_size=&#8221;full&#8221;][\/vc_column][\/vc_row][vc_row][vc_column]<div class=\"cf_scope_1\"><style type=\"text\/css\" scoped=\"scoped\">.cf_scope_1 input,\n\t\t\t\t\t\t\t   .cf_scope_1 textarea {padding:10px;}.cf_scope_1 .wpcf7 {color:#666666;font-size:13px;width:100%;margin:0 auto;}.cf_scope_1 input, .cf_scope_1 textarea {font-size:13px;background-color:#ffffff;border-width:1px;border-color:#cccccc;color:#b2b2b6;}.cf_scope_1 input:focus, .cf_scope_1 textarea:focus {background-color:#ffffff;border-color:#cccccc;color:#555555;}.cf_scope_1 textarea {height:;}.cf_scope_1 .wpcf7-submit, .cf_scope_1 .wpcf7-submit:focus {border: 1px solid #ccc;background-color:#5bc98c;border-color:#5bc98c;color:#ffffff;font-size:12px;font-weight:600;padding-top:10px;padding-bottom:10px;margin-top:10px; margin-right: 0; margin-bottom:0;padding-left:12px;padding-right:12px;transition: all 0.2s ease-in-out; -webkit-transition: all 0.2s ease-in-out;}.cf_scope_1 .wpcf7-submit:hover {background-color:#479e85;border-color:#479e85;color:#ffffff;}<\/style>\n<div class=\"wpcf7 no-js\" id=\"wpcf7-f1758-o1\" lang=\"et\" dir=\"ltr\" data-wpcf7-id=\"1758\">\n<div class=\"screen-reader-response\"><p role=\"status\" aria-live=\"polite\" aria-atomic=\"true\"><\/p> <ul><\/ul><\/div>\n<form action=\"\/fi\/wp-json\/wp\/v2\/pages\/499#wpcf7-f1758-o1\" method=\"post\" class=\"wpcf7-form init\" aria-label=\"Contact form\" novalidate=\"novalidate\" data-status=\"init\">\n<fieldset class=\"hidden-fields-container\"><input type=\"hidden\" name=\"_wpcf7\" value=\"1758\" \/><input type=\"hidden\" name=\"_wpcf7_version\" value=\"6.1\" \/><input type=\"hidden\" name=\"_wpcf7_locale\" value=\"et\" \/><input type=\"hidden\" name=\"_wpcf7_unit_tag\" value=\"wpcf7-f1758-o1\" \/><input type=\"hidden\" name=\"_wpcf7_container_post\" value=\"0\" \/><input type=\"hidden\" name=\"_wpcf7_posted_data_hash\" value=\"\" \/><input type=\"hidden\" name=\"_wpcf7_recaptcha_response\" value=\"\" \/>\n<\/fieldset>\n<div class=\"flexter\">\n<span class=\"wpcf7-form-control-wrap\" data-name=\"text-370\"><input size=\"40\" maxlength=\"400\" class=\"wpcf7-form-control wpcf7-text wpcf7-validates-as-required slider-kast\" aria-required=\"true\" aria-invalid=\"false\" placeholder=\"Nimesi\" value=\"\" type=\"text\" name=\"text-370\" \/><\/span>\n<span class=\"wpcf7-form-control-wrap\" data-name=\"text-371\"><input size=\"40\" maxlength=\"400\" class=\"wpcf7-form-control wpcf7-email wpcf7-validates-as-required wpcf7-text wpcf7-validates-as-email slider-kast\" aria-required=\"true\" aria-invalid=\"false\" placeholder=\"S\u00e4hkopostisi\" value=\"\" type=\"email\" name=\"text-371\" \/><\/span>\n<span class=\"wpcf7-form-control-wrap\" data-name=\"text-372\"><input size=\"40\" maxlength=\"400\" class=\"wpcf7-form-control wpcf7-text wpcf7-validates-as-required slider-kast\" aria-required=\"true\" aria-invalid=\"false\" placeholder=\"Puhelin\" value=\"\" type=\"text\" name=\"text-372\" \/><\/span>\n<\/div>\n<span class=\"wpcf7-form-control-wrap\" data-name=\"textarea-144\"><textarea cols=\"40\" rows=\"10\" maxlength=\"2000\" class=\"wpcf7-form-control wpcf7-textarea wpcf7-validates-as-required suurem-kast1\" aria-required=\"true\" aria-invalid=\"false\" placeholder=\"Kuvaus\" name=\"textarea-144\"><\/textarea><\/span>\n<input class=\"wpcf7-form-control wpcf7-submit has-spinner saada-kast\" type=\"submit\" value=\"L\u00e4hett\u00e4\u00e4 kirje\" \/><div class=\"wpcf7-response-output\" aria-hidden=\"true\"><\/div>\n<\/form>\n<\/div>\n<\/div>[\/vc_column][\/vc_row]\n<\/div>","protected":false},"excerpt":{"rendered":"<p>[vc_row el_class=&#8221;pealkir&#8221;][vc_column][vc_custom_heading text=&#8221;Yhteystiedot&#8221; font_container=&#8221;tag:h1|font_size:33px|text_align:center|color:%23ffffff|line_height:35px&#8221; use_theme_fonts=&#8221;yes&#8221;][\/vc_column][\/vc_row][vc_row el_class=&#8221;company-data&#8221; css=&#8221;.vc_custom_1620040579194{margin-bottom: 75px !important;}&#8221;][vc_column width=&#8221;1\/4&#8243;][vc_column_text]Viro: Harjumaa, Viimsi vald, Rohuneeme tee 1 Suomi: Vantaa, Lummetie 1F 110 S\u00e4hk\u00f6posti:: info@pvchall.eu Vastaamme tiedusteluihin 1 arkip\u00e4iv\u00e4n kuluessa[\/vc_column_text][\/vc_column][vc_column width=&#8221;3\/4&#8243;][vc_row_inner el_class=&#8221;company-members&#8221; css=&#8221;.vc_custom_1620037461662{padding-right: 0px !important;padding-left: 0px !important;}&#8221;][vc_column_inner el_class=&#8221;company-member&#8221; width=&#8221;1\/3&#8243;][vc_single_image image=&#8221;2286&#8243; img_size=&#8221;full&#8221; el_class=&#8221;company-member-image&#8221;][vc_column_text el_class=&#8221;company-member-text&#8221;][\/vc_column_text][\/vc_column_inner][\/vc_row_inner][\/vc_column][\/vc_row][vc_row el_class=&#8221;main-activity&#8221;][vc_column width=&#8221;1\/2&#8243;][vc_column_text]PVC Hall\u00a0 perustoiminta-alana on PVC-hallien tuottaminen, myynti ja asennus. Tuotevalikoimastamme l\u00f6ytyy PVC-pintaisia halleja&#8230;<\/p>\n","protected":false},"author":1,"featured_media":0,"parent":0,"menu_order":0,"comment_status":"closed","ping_status":"closed","template":"page-full.php","meta":{"_acf_changed":false,"footnotes":""},"class_list":["post-499","page","type-page","status-publish","hentry"],"acf":[],"yoast_head":"<!-- This site is optimized with the Yoast SEO plugin v25.6 - https:\/\/yoast.com\/wordpress\/plugins\/seo\/ -->\n<title>Yhteystiedot | PVC Hallid | PVC hallide hinnad | PVC hallide m\u00fc\u00fck<\/title>\n<meta name=\"description\" content=\"PVC hallide m\u00fc\u00fck ja PVC hallide hinnad - meie lehelt saad k\u00f5ik vajaliku t\u00e4pselt teada. Vaata edasi siit\" \/>\n<meta name=\"robots\" content=\"index, follow, max-snippet:-1, max-image-preview:large, max-video-preview:-1\" \/>\n<link rel=\"canonical\" href=\"https:\/\/www.pvchall.eu\/fi\/yhteystiedot\/\" \/>\n<meta property=\"og:locale\" content=\"fi_FI\" \/>\n<meta property=\"og:type\" content=\"article\" \/>\n<meta property=\"og:title\" content=\"Yhteystiedot | PVC Hallid | PVC hallide hinnad | PVC hallide m\u00fc\u00fck\" \/>\n<meta property=\"og:description\" content=\"PVC hallide m\u00fc\u00fck ja PVC hallide hinnad - meie lehelt saad k\u00f5ik vajaliku t\u00e4pselt teada. Vaata edasi siit\" \/>\n<meta property=\"og:url\" content=\"https:\/\/www.pvchall.eu\/fi\/yhteystiedot\/\" \/>\n<meta property=\"og:site_name\" content=\"PVC Hallid | PVC hallide hinnad | PVC hallide m\u00fc\u00fck\" \/>\n<meta property=\"article:modified_time\" content=\"2026-03-22T16:51:20+00:00\" \/>\n<meta name=\"twitter:card\" content=\"summary_large_image\" \/>\n<meta name=\"twitter:label1\" content=\"Arvioitu lukuaika\" \/>\n\t<meta name=\"twitter:data1\" content=\"1 minuutti\" \/>\n<script type=\"application\/ld+json\" class=\"yoast-schema-graph\">{\"@context\":\"https:\/\/schema.org\",\"@graph\":[{\"@type\":\"WebPage\",\"@id\":\"https:\/\/www.pvchall.eu\/fi\/yhteystiedot\/\",\"url\":\"https:\/\/www.pvchall.eu\/fi\/yhteystiedot\/\",\"name\":\"Yhteystiedot | PVC Hallid | PVC hallide hinnad | PVC hallide m\u00fc\u00fck\",\"isPartOf\":{\"@id\":\"https:\/\/www.pvchall.eu\/#website\"},\"datePublished\":\"2017-04-25T14:16:22+00:00\",\"dateModified\":\"2026-03-22T16:51:20+00:00\",\"description\":\"PVC hallide m\u00fc\u00fck ja PVC hallide hinnad - meie lehelt saad k\u00f5ik vajaliku t\u00e4pselt teada. Vaata edasi siit\",\"breadcrumb\":{\"@id\":\"https:\/\/www.pvchall.eu\/fi\/yhteystiedot\/#breadcrumb\"},\"inLanguage\":\"fi\",\"potentialAction\":[{\"@type\":\"ReadAction\",\"target\":[\"https:\/\/www.pvchall.eu\/fi\/yhteystiedot\/\"]}]},{\"@type\":\"BreadcrumbList\",\"@id\":\"https:\/\/www.pvchall.eu\/fi\/yhteystiedot\/#breadcrumb\",\"itemListElement\":[{\"@type\":\"ListItem\",\"position\":1,\"name\":\"Home\",\"item\":\"https:\/\/www.pvchall.eu\/fi\/\"},{\"@type\":\"ListItem\",\"position\":2,\"name\":\"Yhteystiedot\"}]},{\"@type\":\"WebSite\",\"@id\":\"https:\/\/www.pvchall.eu\/#website\",\"url\":\"https:\/\/www.pvchall.eu\/\",\"name\":\"PVC Hallid | PVC hallide hinnad | PVC hallide m\u00fc\u00fck\",\"description\":\"PVC Hallid otse tootjalt | PVC hallide hinnad | PVC hallide m\u00fc\u00fck\",\"potentialAction\":[{\"@type\":\"SearchAction\",\"target\":{\"@type\":\"EntryPoint\",\"urlTemplate\":\"https:\/\/www.pvchall.eu\/?s={search_term_string}\"},\"query-input\":{\"@type\":\"PropertyValueSpecification\",\"valueRequired\":true,\"valueName\":\"search_term_string\"}}],\"inLanguage\":\"fi\"}]}<\/script>\n<!-- \/ Yoast SEO plugin. -->","yoast_head_json":{"title":"Yhteystiedot | PVC Hallid | PVC hallide hinnad | PVC hallide m\u00fc\u00fck","description":"PVC hallide m\u00fc\u00fck ja PVC hallide hinnad - meie lehelt saad k\u00f5ik vajaliku t\u00e4pselt teada. Vaata edasi siit","robots":{"index":"index","follow":"follow","max-snippet":"max-snippet:-1","max-image-preview":"max-image-preview:large","max-video-preview":"max-video-preview:-1"},"canonical":"https:\/\/www.pvchall.eu\/fi\/yhteystiedot\/","og_locale":"fi_FI","og_type":"article","og_title":"Yhteystiedot | PVC Hallid | PVC hallide hinnad | PVC hallide m\u00fc\u00fck","og_description":"PVC hallide m\u00fc\u00fck ja PVC hallide hinnad - meie lehelt saad k\u00f5ik vajaliku t\u00e4pselt teada. Vaata edasi siit","og_url":"https:\/\/www.pvchall.eu\/fi\/yhteystiedot\/","og_site_name":"PVC Hallid | PVC hallide hinnad | PVC hallide m\u00fc\u00fck","article_modified_time":"2026-03-22T16:51:20+00:00","twitter_card":"summary_large_image","twitter_misc":{"Arvioitu lukuaika":"1 minuutti"},"schema":{"@context":"https:\/\/schema.org","@graph":[{"@type":"WebPage","@id":"https:\/\/www.pvchall.eu\/fi\/yhteystiedot\/","url":"https:\/\/www.pvchall.eu\/fi\/yhteystiedot\/","name":"Yhteystiedot | PVC Hallid | PVC hallide hinnad | PVC hallide m\u00fc\u00fck","isPartOf":{"@id":"https:\/\/www.pvchall.eu\/#website"},"datePublished":"2017-04-25T14:16:22+00:00","dateModified":"2026-03-22T16:51:20+00:00","description":"PVC hallide m\u00fc\u00fck ja PVC hallide hinnad - meie lehelt saad k\u00f5ik vajaliku t\u00e4pselt teada. Vaata edasi siit","breadcrumb":{"@id":"https:\/\/www.pvchall.eu\/fi\/yhteystiedot\/#breadcrumb"},"inLanguage":"fi","potentialAction":[{"@type":"ReadAction","target":["https:\/\/www.pvchall.eu\/fi\/yhteystiedot\/"]}]},{"@type":"BreadcrumbList","@id":"https:\/\/www.pvchall.eu\/fi\/yhteystiedot\/#breadcrumb","itemListElement":[{"@type":"ListItem","position":1,"name":"Home","item":"https:\/\/www.pvchall.eu\/fi\/"},{"@type":"ListItem","position":2,"name":"Yhteystiedot"}]},{"@type":"WebSite","@id":"https:\/\/www.pvchall.eu\/#website","url":"https:\/\/www.pvchall.eu\/","name":"PVC Hallid | PVC hallide hinnad | PVC hallide m\u00fc\u00fck","description":"PVC Hallid otse tootjalt | PVC hallide hinnad | PVC hallide m\u00fc\u00fck","potentialAction":[{"@type":"SearchAction","target":{"@type":"EntryPoint","urlTemplate":"https:\/\/www.pvchall.eu\/?s={search_term_string}"},"query-input":{"@type":"PropertyValueSpecification","valueRequired":true,"valueName":"search_term_string"}}],"inLanguage":"fi"}]}},"_links":{"self":[{"href":"https:\/\/www.pvchall.eu\/fi\/wp-json\/wp\/v2\/pages\/499","targetHints":{"allow":["GET"]}}],"collection":[{"href":"https:\/\/www.pvchall.eu\/fi\/wp-json\/wp\/v2\/pages"}],"about":[{"href":"https:\/\/www.pvchall.eu\/fi\/wp-json\/wp\/v2\/types\/page"}],"author":[{"embeddable":true,"href":"https:\/\/www.pvchall.eu\/fi\/wp-json\/wp\/v2\/users\/1"}],"replies":[{"embeddable":true,"href":"https:\/\/www.pvchall.eu\/fi\/wp-json\/wp\/v2\/comments?post=499"}],"version-history":[{"count":33,"href":"https:\/\/www.pvchall.eu\/fi\/wp-json\/wp\/v2\/pages\/499\/revisions"}],"predecessor-version":[{"id":2630,"href":"https:\/\/www.pvchall.eu\/fi\/wp-json\/wp\/v2\/pages\/499\/revisions\/2630"}],"wp:attachment":[{"href":"https:\/\/www.pvchall.eu\/fi\/wp-json\/wp\/v2\/media?parent=499"}],"curies":[{"name":"wp","href":"https:\/\/api.w.org\/{rel}","templated":true}]}}